{"id":119,"date":"2024-03-22T16:55:58","date_gmt":"2024-03-22T16:55:58","guid":{"rendered":"https:\/\/neurologiefrechen.de\/?page_id=119"},"modified":"2026-04-23T10:09:36","modified_gmt":"2026-04-23T10:09:36","slug":"team-2","status":"publish","type":"page","link":"https:\/\/neuropraxisfrechen.de\/index.php\/team-2\/","title":{"rendered":"Team"},"content":{"rendered":"\n<hr class=\"wp-block-separator has-alpha-channel-opacity is-style-wide\"\/>\n\n\n\n<p><strong>Dr. med. Anna Maria A\u00dfmann-Calkanis <\/strong><br><em>Fach\u00e4rztin f\u00fcr Neurologie <\/em><\/p>\n\n\n\n<hr class=\"wp-block-separator has-alpha-channel-opacity is-style-wide\"\/>\n\n\n\n<p><strong>Alexander Heinbach<\/strong><br><em>Facharzt f\u00fcr Neurologie<\/em><\/p>\n\n\n\n<hr class=\"wp-block-separator has-alpha-channel-opacity is-style-wide\"\/>\n\n\n\n<p><strong>Dr. med. Bj\u00f6rn von Rhein<\/strong><br><em>Facharzt f\u00fcr Neurologie<\/em><\/p>\n\n\n\n<hr class=\"wp-block-separator has-alpha-channel-opacity is-style-wide\"\/>\n\n\n\n<p><strong>Dr. med. Karl L. A\u00dfmann<\/strong><br><em>Facharzt f\u00fcr Neurologie und Psychiatrie \u2013 Psychotherapie<\/em><\/p>\n\n\n\n<hr class=\"wp-block-separator has-alpha-channel-opacity is-style-wide\"\/>\n\n\n\n<p><strong>Herr Christian Fromm<\/strong><br><em>Facharzt f\u00fcr <\/em>Psychiatrie &#8211; Psychotherapie<\/p>\n\n\n\n<hr class=\"wp-block-separator has-alpha-channel-opacity is-style-wide\"\/>\n\n\n\n<p><strong>Dr. med. Pegah Meisser<\/strong><br><em>Fach\u00e4rztin f\u00fcr Psychiatrie \u2013 Psychotherapie<\/em><\/p>\n\n\n\n<hr class=\"wp-block-separator has-alpha-channel-opacity is-style-wide\"\/>\n\n\n\n<p><strong>Mitko Mitev<\/strong><br><em>Facharzt f\u00fcr Physikalische und Rehabilitative Medizin<\/em><\/p>\n\n\n\n<hr class=\"wp-block-separator has-alpha-channel-opacity is-style-wide\"\/>\n\n\n\n<p><strong>Dr. med. Andrea Muhs<\/strong><br><em>Fach\u00e4rztin f\u00fcr Neurologie<br>Fach\u00e4rztin f\u00fcr Intensivmedizin<\/em><\/p>\n\n\n\n<p><\/p>\n\n\n\n<p><\/p>\n\n\n\n<p><\/p>\n\n\n\n<p><\/p>\n","protected":false},"excerpt":{"rendered":"<p>Dr. med. Anna Maria A\u00dfmann-Calkanis Fach\u00e4rztin f\u00fcr Neurologie Alexander HeinbachFacharzt f\u00fcr Neurologie Dr. med. Bj\u00f6rn von RheinFacharzt f\u00fcr Neurologie Dr. med. Karl L. A\u00dfmannFacharzt f\u00fcr Neurologie und Psychiatrie \u2013 Psychotherapie Herr Christian FrommFacharzt f\u00fcr Psychiatrie &#8211; Psychotherapie Dr. med. Pegah MeisserFach\u00e4rztin f\u00fcr Psychiatrie \u2013 Psychotherapie Mitko MitevFacharzt f\u00fcr Physikalische und Rehabilitative Medizin Dr. med. Andrea &hellip;<\/p>\n<p class=\"read-more\"> <a class=\"\" href=\"https:\/\/neuropraxisfrechen.de\/index.php\/team-2\/\"> <span class=\"screen-reader-text\">Team<\/span> Weiterlesen &raquo;<\/a><\/p>\n","protected":false},"author":3,"featured_media":0,"parent":0,"menu_order":0,"comment_status":"closed","ping_status":"closed","template":"","meta":{"site-sidebar-layout":"default","site-content-layout":"default","ast-global-header-display":"","ast-banner-title-visibility":"","ast-main-header-display":"","ast-hfb-above-header-display":"","ast-hfb-below-header-display":"","ast-hfb-mobile-header-display":"","site-post-title":"","ast-breadcrumbs-content":"","ast-featured-img":"","footer-sml-layout":"","theme-transparent-header-meta":"","adv-header-id-meta":"","stick-header-meta":"","header-above-stick-meta":"","header-main-stick-meta":"","header-below-stick-meta":"","footnotes":""},"class_list":["post-119","page","type-page","status-publish","hentry"],"_links":{"self":[{"href":"https:\/\/neuropraxisfrechen.de\/index.php\/wp-json\/wp\/v2\/pages\/119","targetHints":{"allow":["GET"]}}],"collection":[{"href":"https:\/\/neuropraxisfrechen.de\/index.php\/wp-json\/wp\/v2\/pages"}],"about":[{"href":"https:\/\/neuropraxisfrechen.de\/index.php\/wp-json\/wp\/v2\/types\/page"}],"author":[{"embeddable":true,"href":"https:\/\/neuropraxisfrechen.de\/index.php\/wp-json\/wp\/v2\/users\/3"}],"replies":[{"embeddable":true,"href":"https:\/\/neuropraxisfrechen.de\/index.php\/wp-json\/wp\/v2\/comments?post=119"}],"version-history":[{"count":11,"href":"https:\/\/neuropraxisfrechen.de\/index.php\/wp-json\/wp\/v2\/pages\/119\/revisions"}],"predecessor-version":[{"id":499,"href":"https:\/\/neuropraxisfrechen.de\/index.php\/wp-json\/wp\/v2\/pages\/119\/revisions\/499"}],"wp:attachment":[{"href":"https:\/\/neuropraxisfrechen.de\/index.php\/wp-json\/wp\/v2\/media?parent=119"}],"curies":[{"name":"wp","href":"https:\/\/api.w.org\/{rel}","templated":true}]}}